{"id":27210,"date":"2025-03-25T15:39:01","date_gmt":"2025-03-25T14:39:01","guid":{"rendered":"https:\/\/www.cerege.fr\/?page_id=27210"},"modified":"2025-04-08T16:56:01","modified_gmt":"2025-04-08T14:56:01","slug":"focus-joanna-charton","status":"publish","type":"page","link":"https:\/\/www.cerege.fr\/fr\/accueil-cerege\/focus-joanna-charton\/","title":{"rendered":"FOCUS Joanna CHARTON"},"content":{"rendered":"\t\t<div data-elementor-type=\"wp-page\" data-elementor-id=\"27210\" class=\"elementor elementor-27210\" data-elementor-post-type=\"page\">\n\t\t\t\t\t\t<section class=\"elementor-section elementor-top-section elementor-element elementor-element-6c402838 elementor-section-full_width elementor-section-height-min-height elementor-section-height-default elementor-section-items-middle\" data-id=\"6c402838\" data-element_type=\"section\" data-e-type=\"section\" data-settings=\"{&quot;background_background&quot;:&quot;classic&quot;}\">\n\t\t\t\t\t\t<div class=\"elementor-container elementor-column-gap-default\">\n\t\t\t\t\t<div class=\"elementor-column elementor-col-100 elementor-top-column elementor-element elementor-element-3ef47859\" data-id=\"3ef47859\" data-element_type=\"column\" data-e-type=\"column\">\n\t\t\t<div class=\"elementor-widget-wrap\">\n\t\t\t\t\t\t\t<\/div>\n\t\t<\/div>\n\t\t\t\t\t<\/div>\n\t\t<\/section>\n\t\t\t\t<section class=\"elementor-section elementor-top-section elementor-element elementor-element-5217884e elementor-section-boxed elementor-section-height-default elementor-section-height-default\" data-id=\"5217884e\" data-element_type=\"section\" data-e-type=\"section\">\n\t\t\t\t\t\t<div class=\"elementor-container elementor-column-gap-default\">\n\t\t\t\t\t<div class=\"elementor-column elementor-col-100 elementor-top-column elementor-element elementor-element-7c218427\" data-id=\"7c218427\" data-element_type=\"column\" data-e-type=\"column\">\n\t\t\t<div class=\"elementor-widget-wrap elementor-element-populated\">\n\t\t\t\t\t\t<div class=\"elementor-element elementor-element-4f241288 elementor-widget elementor-widget-heading\" data-id=\"4f241288\" data-element_type=\"widget\" data-e-type=\"widget\" data-widget_type=\"heading.default\">\n\t\t\t\t<div class=\"elementor-widget-container\">\n\t\t\t\t\t<h1 class=\"elementor-heading-title elementor-size-default\">FOCUS | Joanna Charton<\/h1>\t\t\t\t<\/div>\n\t\t\t\t<\/div>\n\t\t\t\t<div class=\"elementor-element elementor-element-b8c8c23 elementor-widget elementor-widget-heading\" data-id=\"b8c8c23\" data-element_type=\"widget\" data-e-type=\"widget\" data-widget_type=\"heading.default\">\n\t\t\t\t<div class=\"elementor-widget-container\">\n\t\t\t\t\t<h2 class=\"elementor-heading-title elementor-size-default\">Postdoctorante en g\u00e9omorphologie glaciaire et g\u00e9ochimie au Lamont-Doherty Earth Observatory<\/h2>\t\t\t\t<\/div>\n\t\t\t\t<\/div>\n\t\t\t\t<section class=\"elementor-section elementor-inner-section elementor-element elementor-element-c97a88d elementor-section-boxed elementor-section-height-default elementor-section-height-default\" data-id=\"c97a88d\" data-element_type=\"section\" data-e-type=\"section\">\n\t\t\t\t\t\t<div class=\"elementor-container elementor-column-gap-default\">\n\t\t\t\t\t<div class=\"elementor-column elementor-col-50 elementor-inner-column elementor-element elementor-element-94ffce3\" data-id=\"94ffce3\" data-element_type=\"column\" data-e-type=\"column\">\n\t\t\t<div class=\"elementor-widget-wrap elementor-element-populated\">\n\t\t\t\t\t\t<div class=\"elementor-element elementor-element-1404ccc elementor-widget__width-initial elementor-widget elementor-widget-image\" data-id=\"1404ccc\" data-element_type=\"widget\" data-e-type=\"widget\" data-widget_type=\"image.default\">\n\t\t\t\t<div class=\"elementor-widget-container\">\n\t\t\t\t\t\t\t\t\t\t\t\t\t\t\t<img fetchpriority=\"high\" decoding=\"async\" width=\"800\" height=\"800\" src=\"https:\/\/www.cerege.fr\/wp-content\/uploads\/2025\/03\/Vignette-Joanna-Charton-1024x1024.png\" class=\"attachment-large size-large wp-image-27213\" alt=\"\" srcset=\"https:\/\/www.cerege.fr\/wp-content\/uploads\/2025\/03\/Vignette-Joanna-Charton-1024x1024.png 1024w, https:\/\/www.cerege.fr\/wp-content\/uploads\/2025\/03\/Vignette-Joanna-Charton-300x300.png 300w, https:\/\/www.cerege.fr\/wp-content\/uploads\/2025\/03\/Vignette-Joanna-Charton-150x150.png 150w, https:\/\/www.cerege.fr\/wp-content\/uploads\/2025\/03\/Vignette-Joanna-Charton-768x768.png 768w, https:\/\/www.cerege.fr\/wp-content\/uploads\/2025\/03\/Vignette-Joanna-Charton-12x12.png 12w, https:\/\/www.cerege.fr\/wp-content\/uploads\/2025\/03\/Vignette-Joanna-Charton.png 1200w\" sizes=\"(max-width: 800px) 100vw, 800px\" \/>\t\t\t\t\t\t\t\t\t\t\t\t\t\t\t<\/div>\n\t\t\t\t<\/div>\n\t\t\t\t\t<\/div>\n\t\t<\/div>\n\t\t\t\t<div class=\"elementor-column elementor-col-50 elementor-inner-column elementor-element elementor-element-9328584\" data-id=\"9328584\" data-element_type=\"column\" data-e-type=\"column\">\n\t\t\t<div class=\"elementor-widget-wrap elementor-element-populated\">\n\t\t\t\t\t\t<div class=\"elementor-element elementor-element-801d7d4 elementor-widget elementor-widget-spacer\" data-id=\"801d7d4\" data-element_type=\"widget\" data-e-type=\"widget\" data-widget_type=\"spacer.default\">\n\t\t\t\t<div class=\"elementor-widget-container\">\n\t\t\t\t\t\t\t<div class=\"elementor-spacer\">\n\t\t\t<div class=\"elementor-spacer-inner\"><\/div>\n\t\t<\/div>\n\t\t\t\t\t\t<\/div>\n\t\t\t\t<\/div>\n\t\t\t\t<div class=\"elementor-element elementor-element-67da23d elementor-widget elementor-widget-text-editor\" data-id=\"67da23d\" data-element_type=\"widget\" data-e-type=\"widget\" data-widget_type=\"text-editor.default\">\n\t\t\t\t<div class=\"elementor-widget-container\">\n\t\t\t\t\t\t\t\t\t<p><b>Ancienne doctorante au CEREGE, elle s\u2019est sp\u00e9cialis\u00e9e dans l\u2019\u00e9tude des pal\u00e9oglaciers pass\u00e9s pour mieux comprendre leur \u00e9volution et leur interaction avec le climat dans le pass\u00e9, le pr\u00e9sent et le futur. Son parcours atypique, d\u00e9but\u00e9 par des \u00e9tudes litt\u00e9raires, l\u2019a conduite \u00e0 explorer les archives naturelles des environnements glaciaires, des Alpes aux Kerguelen en passant par le Grand Caucase, et aujourd\u2019hui au Groenland.<\/b><\/p>\t\t\t\t\t\t\t\t<\/div>\n\t\t\t\t<\/div>\n\t\t\t\t<div class=\"elementor-element elementor-element-0ed7f65 elementor-align-left elementor-widget elementor-widget-button\" data-id=\"0ed7f65\" data-element_type=\"widget\" data-e-type=\"widget\" data-widget_type=\"button.default\">\n\t\t\t\t<div class=\"elementor-widget-container\">\n\t\t\t\t\t\t\t\t\t<div class=\"elementor-button-wrapper\">\n\t\t\t\t\t<a class=\"elementor-button elementor-button-link elementor-size-sm\" href=\"https:\/\/cosmo.ldeo.columbia.edu\/people\/joanna-charton\" target=\"_blank\" rel=\"noopener\">\n\t\t\t\t\t\t<span class=\"elementor-button-content-wrapper\">\n\t\t\t\t\t\t\t\t\t<span class=\"elementor-button-text\">Voir son profil<\/span>\n\t\t\t\t\t<\/span>\n\t\t\t\t\t<\/a>\n\t\t\t\t<\/div>\n\t\t\t\t\t\t\t\t<\/div>\n\t\t\t\t<\/div>\n\t\t\t\t\t<\/div>\n\t\t<\/div>\n\t\t\t\t\t<\/div>\n\t\t<\/section>\n\t\t\t\t<section class=\"elementor-section elementor-inner-section elementor-element elementor-element-e94c96b elementor-section-boxed elementor-section-height-default elementor-section-height-default\" data-id=\"e94c96b\" data-element_type=\"section\" data-e-type=\"section\">\n\t\t\t\t\t\t<div class=\"elementor-container elementor-column-gap-wide\">\n\t\t\t\t\t<div class=\"elementor-column elementor-col-50 elementor-inner-column elementor-element elementor-element-2bff8c2d\" data-id=\"2bff8c2d\" data-element_type=\"column\" data-e-type=\"column\">\n\t\t\t<div class=\"elementor-widget-wrap elementor-element-populated\">\n\t\t\t\t\t\t<div class=\"elementor-element elementor-element-7917e88 elementor-widget elementor-widget-text-editor\" data-id=\"7917e88\" data-element_type=\"widget\" data-e-type=\"widget\" data-widget_type=\"text-editor.default\">\n\t\t\t\t<div class=\"elementor-widget-container\">\n\t\t\t\t\t\t\t\t\t<h2 style=\"font-weight: 400;\">Un parcours atypique\u00a0: rien ne la pr\u00e9destinait \u00e0 \u00e9tudier les glaciers\u00a0!\u00a0<\/h2><p style=\"font-weight: 400;\">Ma relation avec la science du climat et g\u00e9omorphologie glaciaire \u2014 si je puis dire \u2014 n&#8217;a vraiment pas \u00e9t\u00e9 directe. Il y a quelques ann\u00e9es, j&#8217;ai d\u00e9couvert les travaux de Claude Lorius, qui a jou\u00e9 un r\u00f4le majeur dans la d\u00e9couverte des bulles d&#8217;air fossiles emprisonn\u00e9es dans les carottes de glace de l&#8217;Antarctique. M\u00eame si cela peut sembler clich\u00e9, cette d\u00e9couverte m\u2019a profond\u00e9ment inspir\u00e9e et m\u2019a motiv\u00e9e \u00e0 travailler dans ce domaine. \u00c0 partir de ce moment, j&#8217;ai su que je voulais, \u00e0 mon \u00e9chelle, contribuer \u00e0 retracer l&#8217;histoire des glaciers et du climat. Mon seul probl\u00e8me \u00e0 l\u2019\u00e9poque \u2014 et il \u00e9tait de taille \u2014 c\u2019est que j\u2019\u00e9tais \u00e9tudiante en double licence Histoire et G\u00e9ographie \u00e0 Panth\u00e9on Sorbonne (Paris I), avec uniquement un bac litt\u00e9raire et une hypokh\u00e2gne en poche. En somme, un parcours litt\u00e9raire ayant mis de c\u00f4t\u00e9 les disciplines scientifiques fondamentales t\u00f4t dans mon cursus scolaire.<\/p><p style=\"font-weight: 400;\">D\u00e9termin\u00e9e \u00e0 changer de voie, j\u2019ai contact\u00e9 <a href=\"https:\/\/www.cerege.fr\/fr\/cerege\/vincent-jomelli\/\">Vincent Jomelli<\/a>, chercheur CNRS au CEREGE sp\u00e9cialis\u00e9 en g\u00e9omorphologie glaciaire, et d\u00e9croch\u00e9 mon premier stage de recherche sur l\u2019\u00e9tude des pal\u00e9oglaciers groenlandais. Ces premi\u00e8res investigations ont suscit\u00e9 mon int\u00e9r\u00eat et m\u2019ont conduite \u00e0 approfondir la question des datations cosmog\u00e9niques. Dans cette lign\u00e9e, j\u2019ai rapidement \u00e9t\u00e9 co-encadr\u00e9e par <a href=\"https:\/\/www.cerege.fr\/fr\/cerege\/irene-schimmelpfennig\/\">Irene Schimmelpfennig<\/a>, charg\u00e9e de recherche CNRS au CEREGE, pour la partie g\u00e9ochimie. Gr\u00e2ce \u00e0 leur aide pr\u00e9cieuse, ainsi qu\u2019\u00e0 mon travail et \u00e0 ma d\u00e9termination, j\u2019ai pu int\u00e9grer, le <a href=\"https:\/\/www.cerege.fr\/fr\/formations\/masters\/#masterstpe\">Master STPE d\u2019amU<\/a>, rattach\u00e9 au CEREGE, puis obtenir une bourse minist\u00e9rielle pour r\u00e9aliser une th\u00e8se au sein de <a href=\"https:\/\/www.cerege.fr\/fr\/sciences\/climat\/\">l\u2019\u00e9quipe Climat du CEREGE<\/a> sous leur supervision. Mon passage au CEREGE a donc \u00e9t\u00e9 d\u00e9terminant dans ma carri\u00e8re acad\u00e9mique et m\u2019a beaucoup appris sur le plan analytique et scientifique.<\/p><h2 style=\"font-weight: 400;\">Pourquoi \u00e9tudier les glaciers du pass\u00e9\u00a0?<\/h2><p style=\"font-weight: 400;\">L\u2019objectif principal de mes recherches est de retracer l\u2019\u00e9volution des glaciers sur des \u00e9chelles de temps centenaires et mill\u00e9naires pour comprendre leur histoire pass\u00e9e et leur relation avec le climat, dans un environnement qui n\u2019\u00e9tait pas influenc\u00e9 par les activit\u00e9s anthropiques. Comprendre cette \u00e9volution est primordial aujourd\u2019hui, notamment pour \u00e9valuer le retrait actuel des glaciers et le lien avec le changement climatique. L\u2019\u00e9tude des interactions entre glaciers et climat nous fournit ainsi des cl\u00e9s de compr\u00e9hension pr\u00e9cieuses pour interpr\u00e9ter les changements actuels et anticiper leur \u00e9volution future.<\/p><p style=\"font-weight: 400;\">Ainsi, pour explorer les glaciers dans le pass\u00e9, nous nous int\u00e9ressons aux traces laiss\u00e9es par leur passage dans le paysage\u00a0: les archives g\u00e9ologiques glaciaires. En effet, les glaciers sont des agents \u00e9rosifs puissants\u00a0: en s\u2019\u00e9coulant, ils arrachent des morceaux de roche \u00e0 leur lit et les transportent. Lors de leur retrait, ces roches sont abandonn\u00e9es dans le paysage sous forme de d\u00e9bris rocheux appel\u00e9s moraines, ou des blocs isol\u00e9s et \u00e9pars, appel\u00e9s blocs erratiques. Notre r\u00f4le, en tant que g\u00e9omorphologues, est de d\u00e9chiffrer ce paysage pour comprendre les processus g\u00e9omorphologiques \u00e0 l\u2019origine de ces formations au fil du temps.<\/p><p>Les blocs de roches transport\u00e9s par les glaciers peuvent ensuite \u00eatre dat\u00e9s gr\u00e2ce aux isotopes cosmog\u00e9niques produits dans la roche. La concentration en isotopes cosmog\u00e9niques est en effet proportionnelle au temps d\u2019exposition de la roche au rayonnement cosmique apr\u00e8s la d\u00e9glaciation. Ainsi, en mesurant la concentration des isotopes cosmog\u00e9niques \u00e0 la surface des roches, nous obtenons des informations sur le moment \u00e0 partir duquel le glacier a amorc\u00e9 son retrait.<\/p>\t\t\t\t\t\t\t\t<\/div>\n\t\t\t\t<\/div>\n\t\t\t\t\t<\/div>\n\t\t<\/div>\n\t\t\t\t<div class=\"elementor-column elementor-col-50 elementor-inner-column elementor-element elementor-element-281ed81\" data-id=\"281ed81\" data-element_type=\"column\" data-e-type=\"column\">\n\t\t\t<div class=\"elementor-widget-wrap elementor-element-populated\">\n\t\t\t\t\t\t<div class=\"elementor-element elementor-element-a1f4444 elementor-widget elementor-widget-spacer\" data-id=\"a1f4444\" data-element_type=\"widget\" data-e-type=\"widget\" data-widget_type=\"spacer.default\">\n\t\t\t\t<div class=\"elementor-widget-container\">\n\t\t\t\t\t\t\t<div class=\"elementor-spacer\">\n\t\t\t<div class=\"elementor-spacer-inner\"><\/div>\n\t\t<\/div>\n\t\t\t\t\t\t<\/div>\n\t\t\t\t<\/div>\n\t\t\t\t<div class=\"elementor-element elementor-element-326ba7e elementor-widget elementor-widget-image\" data-id=\"326ba7e\" data-element_type=\"widget\" data-e-type=\"widget\" data-widget_type=\"image.default\">\n\t\t\t\t<div class=\"elementor-widget-container\">\n\t\t\t\t\t\t\t\t\t\t\t\t\t\t\t<img decoding=\"async\" width=\"800\" height=\"623\" src=\"https:\/\/www.cerege.fr\/wp-content\/uploads\/2025\/03\/IMG_7231-1024x797.jpeg\" class=\"attachment-large size-large wp-image-27214\" alt=\"\" srcset=\"https:\/\/www.cerege.fr\/wp-content\/uploads\/2025\/03\/IMG_7231-1024x797.jpeg 1024w, https:\/\/www.cerege.fr\/wp-content\/uploads\/2025\/03\/IMG_7231-300x233.jpeg 300w, https:\/\/www.cerege.fr\/wp-content\/uploads\/2025\/03\/IMG_7231-768x597.jpeg 768w, https:\/\/www.cerege.fr\/wp-content\/uploads\/2025\/03\/IMG_7231-15x12.jpeg 15w, https:\/\/www.cerege.fr\/wp-content\/uploads\/2025\/03\/IMG_7231.jpeg 1027w\" sizes=\"(max-width: 800px) 100vw, 800px\" \/>\t\t\t\t\t\t\t\t\t\t\t\t\t\t\t<\/div>\n\t\t\t\t<\/div>\n\t\t\t\t<div class=\"elementor-element elementor-element-5a80e2b elementor-widget elementor-widget-text-editor\" data-id=\"5a80e2b\" data-element_type=\"widget\" data-e-type=\"widget\" data-widget_type=\"text-editor.default\">\n\t\t\t\t<div class=\"elementor-widget-container\">\n\t\t\t\t\t\t\t\t\t<p style=\"font-weight: 400;\"><em>Equipe franco-sud-africaine lors d\u2019une mission de terrain dans les Alpes fran\u00e7aises sur le site du glacier de St Sorlin<\/em><\/p>\t\t\t\t\t\t\t\t<\/div>\n\t\t\t\t<\/div>\n\t\t\t\t<div class=\"elementor-element elementor-element-31a2c4e elementor-widget elementor-widget-spacer\" data-id=\"31a2c4e\" data-element_type=\"widget\" data-e-type=\"widget\" data-widget_type=\"spacer.default\">\n\t\t\t\t<div class=\"elementor-widget-container\">\n\t\t\t\t\t\t\t<div class=\"elementor-spacer\">\n\t\t\t<div class=\"elementor-spacer-inner\"><\/div>\n\t\t<\/div>\n\t\t\t\t\t\t<\/div>\n\t\t\t\t<\/div>\n\t\t\t\t<div class=\"elementor-element elementor-element-bee7666 elementor-widget elementor-widget-image\" data-id=\"bee7666\" data-element_type=\"widget\" data-e-type=\"widget\" data-widget_type=\"image.default\">\n\t\t\t\t<div class=\"elementor-widget-container\">\n\t\t\t\t\t\t\t\t\t\t\t\t\t\t\t<img decoding=\"async\" width=\"800\" height=\"531\" src=\"https:\/\/www.cerege.fr\/wp-content\/uploads\/2025\/03\/VIE_4783-1024x680.jpg\" class=\"attachment-large size-large wp-image-27216\" alt=\"\" srcset=\"https:\/\/www.cerege.fr\/wp-content\/uploads\/2025\/03\/VIE_4783-1024x680.jpg 1024w, https:\/\/www.cerege.fr\/wp-content\/uploads\/2025\/03\/VIE_4783-300x199.jpg 300w, https:\/\/www.cerege.fr\/wp-content\/uploads\/2025\/03\/VIE_4783-768x510.jpg 768w, https:\/\/www.cerege.fr\/wp-content\/uploads\/2025\/03\/VIE_4783-1536x1020.jpg 1536w, https:\/\/www.cerege.fr\/wp-content\/uploads\/2025\/03\/VIE_4783-scaled.jpg 2048w, https:\/\/www.cerege.fr\/wp-content\/uploads\/2025\/03\/VIE_4783-18x12.jpg 18w, https:\/\/www.cerege.fr\/wp-content\/uploads\/2025\/03\/VIE_4783-1320x876.jpg 1320w\" sizes=\"(max-width: 800px) 100vw, 800px\" \/>\t\t\t\t\t\t\t\t\t\t\t\t\t\t\t<\/div>\n\t\t\t\t<\/div>\n\t\t\t\t<div class=\"elementor-element elementor-element-d8a1b23 elementor-widget elementor-widget-text-editor\" data-id=\"d8a1b23\" data-element_type=\"widget\" data-e-type=\"widget\" data-widget_type=\"text-editor.default\">\n\t\t\t\t<div class=\"elementor-widget-container\">\n\t\t\t\t\t\t\t\t\t<p style=\"font-weight: 400;\">Vall\u00e9e du glacier Shkhara, G\u00e9orgie (\u00a9Vincent Jomelli)<\/p>\t\t\t\t\t\t\t\t<\/div>\n\t\t\t\t<\/div>\n\t\t\t\t\t<\/div>\n\t\t<\/div>\n\t\t\t\t\t<\/div>\n\t\t<\/section>\n\t\t\t\t<section class=\"elementor-section elementor-inner-section elementor-element elementor-element-28d30ad2 elementor-section-boxed elementor-section-height-default elementor-section-height-default\" data-id=\"28d30ad2\" data-element_type=\"section\" data-e-type=\"section\">\n\t\t\t\t\t\t<div class=\"elementor-container elementor-column-gap-wide\">\n\t\t\t\t\t<div class=\"elementor-column elementor-col-50 elementor-inner-column elementor-element elementor-element-4557a475\" data-id=\"4557a475\" data-element_type=\"column\" data-e-type=\"column\">\n\t\t\t<div class=\"elementor-widget-wrap elementor-element-populated\">\n\t\t\t\t\t\t<div class=\"elementor-element elementor-element-d6e78bd elementor-widget elementor-widget-spacer\" data-id=\"d6e78bd\" data-element_type=\"widget\" data-e-type=\"widget\" data-widget_type=\"spacer.default\">\n\t\t\t\t<div class=\"elementor-widget-container\">\n\t\t\t\t\t\t\t<div class=\"elementor-spacer\">\n\t\t\t<div class=\"elementor-spacer-inner\"><\/div>\n\t\t<\/div>\n\t\t\t\t\t\t<\/div>\n\t\t\t\t<\/div>\n\t\t\t\t<div class=\"elementor-element elementor-element-e2696f0 elementor-widget elementor-widget-image\" data-id=\"e2696f0\" data-element_type=\"widget\" data-e-type=\"widget\" data-widget_type=\"image.default\">\n\t\t\t\t<div class=\"elementor-widget-container\">\n\t\t\t\t\t\t\t\t\t\t\t\t\t\t\t<img loading=\"lazy\" decoding=\"async\" width=\"800\" height=\"534\" src=\"https:\/\/www.cerege.fr\/wp-content\/uploads\/2025\/03\/ThibautVERGOZ__50A9804-1024x683.jpg\" class=\"attachment-large size-large wp-image-27219\" alt=\"\" srcset=\"https:\/\/www.cerege.fr\/wp-content\/uploads\/2025\/03\/ThibautVERGOZ__50A9804-1024x683.jpg 1024w, https:\/\/www.cerege.fr\/wp-content\/uploads\/2025\/03\/ThibautVERGOZ__50A9804-300x200.jpg 300w, https:\/\/www.cerege.fr\/wp-content\/uploads\/2025\/03\/ThibautVERGOZ__50A9804-768x512.jpg 768w, https:\/\/www.cerege.fr\/wp-content\/uploads\/2025\/03\/ThibautVERGOZ__50A9804-1536x1024.jpg 1536w, https:\/\/www.cerege.fr\/wp-content\/uploads\/2025\/03\/ThibautVERGOZ__50A9804-scaled.jpg 2048w, https:\/\/www.cerege.fr\/wp-content\/uploads\/2025\/03\/ThibautVERGOZ__50A9804-18x12.jpg 18w, https:\/\/www.cerege.fr\/wp-content\/uploads\/2025\/03\/ThibautVERGOZ__50A9804-1320x880.jpg 1320w\" sizes=\"(max-width: 800px) 100vw, 800px\" \/>\t\t\t\t\t\t\t\t\t\t\t\t\t\t\t<\/div>\n\t\t\t\t<\/div>\n\t\t\t\t<div class=\"elementor-element elementor-element-8c77ffd elementor-widget elementor-widget-text-editor\" data-id=\"8c77ffd\" data-element_type=\"widget\" data-e-type=\"widget\" data-widget_type=\"text-editor.default\">\n\t\t\t\t<div class=\"elementor-widget-container\">\n\t\t\t\t\t\t\t\t\t<p style=\"font-weight: 400;\"><em>Echantillonnage de d\u00e9p\u00f4ts de glacier rocheux dans les Alpes fran\u00e7aises<\/em> (\u00a9<a href=\"https:\/\/www.thibautvergoz.com\/\" target=\"_blank\" rel=\"noopener\">Thibaut Vergoz<\/a>)<\/p>\t\t\t\t\t\t\t\t<\/div>\n\t\t\t\t<\/div>\n\t\t\t\t\t<\/div>\n\t\t<\/div>\n\t\t\t\t<div class=\"elementor-column elementor-col-50 elementor-inner-column elementor-element elementor-element-7a9c92a0\" data-id=\"7a9c92a0\" data-element_type=\"column\" data-e-type=\"column\">\n\t\t\t<div class=\"elementor-widget-wrap elementor-element-populated\">\n\t\t\t\t\t\t<div class=\"elementor-element elementor-element-2b49e834 elementor-widget__width-initial elementor-widget elementor-widget-text-editor\" data-id=\"2b49e834\" data-element_type=\"widget\" data-e-type=\"widget\" data-widget_type=\"text-editor.default\">\n\t\t\t\t<div class=\"elementor-widget-container\">\n\t\t\t\t\t\t\t\t\t<h2 style=\"font-weight: 400;\">Le travail sur le terrain et en laboratoire en g\u00e9omorphologie glaciaire<\/h2><p style=\"font-weight: 400;\">Pour mesurer la concentration en isotopes cosmog\u00e9niques, il faut d\u2019abord se rendre sur le terrain pour collecter des \u00e9chantillons de roche de surface sur des morphologies glaciaires (comme des blocs de moraine, blocs erratiques et roches moutonn\u00e9es). Pendant ma th\u00e8se au CEREGE, la pand\u00e9mie COVID-19 m\u2019a emp\u00each\u00e9e de participer \u00e0 une mission dans l\u2019Archipel des Kerguelen. Cependant, j\u2019ai eu l\u2019opportunit\u00e9 de travailler sur le terrain dans les Alpes fran\u00e7aises (voir par exemple <a href=\"https:\/\/www.sciencedirect.com\/science\/article\/pii\/S0169555X21003706\" target=\"_blank\" rel=\"noopener\">Charton <em>et al.,<\/em> 2021<\/a>) et d\u2019effectuer quatre missions dans le Grand Caucase, principalement en Russie et en G\u00e9orgie, dans le cadre du<a href=\"https:\/\/www.cerege.fr\/fr\/sciences\/climat\/projets-climat\/deglaciation-dans-le-grand-caucase\/\"> projet international \u00ab\u00a0D\u00e9glaciation dans le Grand Caucase\u00a0\u00bb<\/a>, pilot\u00e9 par le CNRS (PI\u00a0: Vincent Jomelli). Avec des sommets d\u00e9passant les 5000 m\u00e8tres d\u2019altitude, le grand Caucase est une r\u00e9gion montagneuse peu urbanis\u00e9e, ce qui en fait un terrain privil\u00e9gi\u00e9 pour les g\u00e9omorphologues. Au-del\u00e0 de l\u2019analyse scientifique de l\u2019\u00e9volution des glaciers dans ces vastes territoires, cette exp\u00e9rience est humaine\u00a0: nous logeons souvent chez l\u2019habitant ou sous tente au pied des glaciers, o\u00f9 nous nous interagissons avec les communaut\u00e9s locales et croisons des bergers \u00e0 cheval. Sur les marges des glaciers \u00e9tudi\u00e9s, nous pr\u00e9levons des kilos d\u2019\u00e9chantillons de roche, que nous rapportons ensuite en France dans nos valises. Une fois les \u00e9chantillons arriv\u00e9s au CEREGE, ils sont broy\u00e9s, puis enti\u00e8rement dissous dans des acides dans les laboratoires d\u00e9di\u00e9s du LN<sub>2<\/sub>C (Laboratoire National des Nucl\u00e9ides Cosmog\u00e9niques) pour extraire l\u2019isotope cosmog\u00e9nique de notre choix. La concentration en nucl\u00e9ides cosmog\u00e9niques, permettant de d\u00e9terminer la dur\u00e9e d\u2019exposition de la roche apr\u00e8s la d\u00e9glaciation, est ensuite mesur\u00e9e sur le spectrom\u00e8tre de masse par acc\u00e9l\u00e9rateur et par <a href=\"https:\/\/www.cerege.fr\/fr\/equipements\/laboratoire-national-des-nucleides-cosmogeniques\/ams-aster\/\">l\u2019\u00e9quipe ASTER<\/a>.<\/p><h2 style=\"font-weight: 400;\">L\u2019Archipel des Kerguelen\u00a0: un point de contr\u00f4le dans l\u2019oc\u00e9an Austral\u00a0<\/h2><p style=\"font-weight: 400;\">Mes recherches de th\u00e8se ont principalement port\u00e9 sur la reconstruction de la chronologie des glaciers sur l\u2019Archipel des Kerguelen (49\u00b0S, 69\u00b0E) et la compr\u00e9hension des pal\u00e9oclimats associ\u00e9s depuis les derniers 40 000 ans gr\u00e2ce aux nucl\u00e9ides cosmog\u00e9niques. Ces recherches s\u2019inscrivent dans le cadre <a href=\"https:\/\/www.cerege.fr\/fr\/sciences\/climat\/projets-climat\/anr-margo\/\">des projets ANR MARGO<\/a>, Les Envahisseurs (LabEx Dynamite) et LEFE Glacepreker. Situ\u00e9 dans l\u2019oc\u00e9an Indien austral, ce territoire fran\u00e7ais constitue un observatoire unique pour \u00e9tudier l\u2019\u00e9volution des glaciers puisqu\u2019il s\u2019agit d\u2019un des rares secteurs \u00e0 abriter de nombreuses morphologies glaciaires datant de p\u00e9riodes anciennes. Fait int\u00e9ressant, l\u2019archipel abrite \u00e9galement le glacier Amp\u00e8re, le plus grand glacier fran\u00e7ais. Les r\u00e9sultats de mes recherches, pr\u00e9sent\u00e9s lors de ma soutenance de th\u00e8se le 7 mai 2024, ont permis de mettre en \u00e9vidence plusieurs points originaux\u00a0:<\/p><ul><li>L\u2019extension maximale des glaciers sur l\u2019archipel a eu lieu il y a ~42000 ans pendant le Stade Isotopique Marin 3 (60 000 \u2013 26 500 ans). Cette extension a \u00e9t\u00e9 plus importante que pendant le Dernier Maximum Glaciaire (26500 \u2013 19000 ans) alors que les reconstructions pal\u00e9oclimatiques, notamment celles des temp\u00e9ratures, montrent des conditions peu favorables \u00e0 des avanc\u00e9es glaciaires \u00e0 ~42000 ans . Nous faisons alors l\u2019hypoth\u00e8se que des pr\u00e9cipitations plus importantes ont jou\u00e9 un r\u00f4le majeur dans cette avanc\u00e9e. Ces r\u00e9sultats ont \u00e9t\u00e9 valoris\u00e9s dans la revue Quaternary Science Reviews (<a href=\"https:\/\/www.sciencedirect.com\/science\/article\/pii\/S0277379124000349\" target=\"_blank\" rel=\"noopener\">Charton <em>et al.,<\/em> 2024<\/a>\u00a0; en pr\u00e9paration).<\/li><li>Pendant la p\u00e9riode de l\u2019Holoc\u00e8ne (11700 ans \u2013 pr\u00e9sent), nos recherches montrent que les glaciers de l\u2019archipel des Kerguelen ont \u00e9volu\u00e9 de fa\u00e7on originale par rapport \u00e0 d\u2019autres r\u00e9gions des moyennes latitudes de l\u2019h\u00e9misph\u00e8re Sud (comme la Nouvelle-Z\u00e9lande et la Patagonie). Les glaciers des Kerguelen \u00e9taient en effet plus petits pendant une grande partie de l\u2019Holoc\u00e8ne, puis ont connu leurs derni\u00e8res culminations glaciaires \u00e0 la fin de cette p\u00e9riode (il y a ~2600 ans, ~1000 ans, ~430 ans et ~300 ans). Nous attribuons ces avanc\u00e9es \u00e0 une localisation plus au nord du front polaire, qui a apport\u00e9 des eaux de surface oc\u00e9aniques plus froides \u00e0 la latitude de l\u2019archipel (<a href=\"https:\/\/www.sciencedirect.com\/science\/article\/pii\/S0277379122000920\" target=\"_blank\" rel=\"noopener\">Charton <em>et al., <\/em>2022<\/a>). De plus, nos travaux montrent que les glaciers recouverts de d\u00e9bris rocheux ont eu, \u00e0 la fin de l\u2019Holoc\u00e8ne, une dynamique distincte des glaciers blancs, car cette couverture de d\u00e9bris modifie leur comportement d\u2019\u00e9coulement (<a href=\"https:\/\/www.cambridge.org\/core\/journals\/antarctic-science\/article\/debriscovered-glacier-at-kerguelen-49s-69e-over-the-past-15-000-years\/3218730C0E7E4BF3D025B8337B34510D\" target=\"_blank\" rel=\"noopener\">Charton <em>et al.,<\/em> 2020<\/a>). Par ailleurs, les travaux s\u00e9dimentologiques de notre \u00e9quipe dans un fjord des Kerguelen confirment que ces glaciers ont d\u00e9j\u00e0 \u00e9t\u00e9 plus petits qu\u2019aujourd\u2019hui (<a href=\"https:\/\/www.sciencedirect.com\/science\/article\/pii\/S0277379124004815\" target=\"_blank\" rel=\"noopener\">Chassiot <em>et al.,<\/em> 2024<\/a>).<\/li><li>Enfin, <a href=\"https:\/\/www.inee.cnrs.fr\/fr\/cnrsinfo\/disparition-du-plus-grand-glacier-francais-dici-2100-aux-kerguelen\" target=\"_blank\" rel=\"noopener\">une \u00e9tude<\/a> dirig\u00e9e par <a href=\"https:\/\/www.cerege.fr\/fr\/cerege\/deborah-verfaillie\/\">Deborah Verfaillie<\/a>, que j&#8217;ai co-sign\u00e9, a permis de mettre en \u00e9vidence, gr\u00e2ce \u00e0 l\u2019utilisation d\u2019un mod\u00e8le glaciologique contraint par nos datations cosmog\u00e9niques, la disparition compl\u00e8te de la calotte glaciaire Cook sur l\u2019archipel d\u2019ici 2100 (<a href=\"https:\/\/www.cambridge.org\/core\/journals\/antarctic-science\/article\/evolution-of-the-cook-ice-cap-kerguelen-islands-between-the-last-centuries-and-2100-ce-based-on-cosmogenic-dating-and-glacioclimatic-modelling\/A59E637FE13C57A96BDC8512D08719D0\" target=\"_blank\" rel=\"noopener\">Verfaillie <em>et al<\/em>., 2021<\/a>). En plus des cons\u00e9quences \u00e9cologiques majeures pour les esp\u00e8ces end\u00e9miques, la fonte des glaciers affectera aussi le bloom phytoplanctonique de l\u2019oc\u00e9an Austral, aliment\u00e9 par la farine glaciaire issue de l\u2019\u00e9rosion, laquelle joue un r\u00f4le cl\u00e9 dans la pompe \u00e0 carbone oc\u00e9anique.<\/li><\/ul><div>\u00a0<\/div><p style=\"font-weight: 400;\">Mes travaux de th\u00e8se m\u2019ont finalement permis de mieux comprendre les variations des glaciers des Kerguelen et leur singularit\u00e9 dans l\u2019h\u00e9misph\u00e8re Sud.<\/p>\t\t\t\t\t\t\t\t<\/div>\n\t\t\t\t<\/div>\n\t\t\t\t\t<\/div>\n\t\t<\/div>\n\t\t\t\t\t<\/div>\n\t\t<\/section>\n\t\t\t\t<div class=\"elementor-element elementor-element-a31a6ce elementor-widget elementor-widget-image\" data-id=\"a31a6ce\" data-element_type=\"widget\" data-e-type=\"widget\" data-widget_type=\"image.default\">\n\t\t\t\t<div class=\"elementor-widget-container\">\n\t\t\t\t\t\t\t\t\t\t\t\t\t\t\t<img loading=\"lazy\" decoding=\"async\" width=\"1390\" height=\"507\" src=\"https:\/\/www.cerege.fr\/wp-content\/uploads\/2025\/03\/Adrien-Gilbert.jpg\" class=\"attachment-1536x1536 size-1536x1536 wp-image-27218\" alt=\"\" srcset=\"https:\/\/www.cerege.fr\/wp-content\/uploads\/2025\/03\/Adrien-Gilbert.jpg 1390w, https:\/\/www.cerege.fr\/wp-content\/uploads\/2025\/03\/Adrien-Gilbert-300x109.jpg 300w, https:\/\/www.cerege.fr\/wp-content\/uploads\/2025\/03\/Adrien-Gilbert-1024x374.jpg 1024w, https:\/\/www.cerege.fr\/wp-content\/uploads\/2025\/03\/Adrien-Gilbert-768x280.jpg 768w, https:\/\/www.cerege.fr\/wp-content\/uploads\/2025\/03\/Adrien-Gilbert-18x7.jpg 18w, https:\/\/www.cerege.fr\/wp-content\/uploads\/2025\/03\/Adrien-Gilbert-1320x481.jpg 1320w\" sizes=\"(max-width: 1390px) 100vw, 1390px\" \/>\t\t\t\t\t\t\t\t\t\t\t\t\t\t\t<\/div>\n\t\t\t\t<\/div>\n\t\t\t\t<div class=\"elementor-element elementor-element-92ad524 elementor-widget elementor-widget-text-editor\" data-id=\"92ad524\" data-element_type=\"widget\" data-e-type=\"widget\" data-widget_type=\"text-editor.default\">\n\t\t\t\t<div class=\"elementor-widget-container\">\n\t\t\t\t\t\t\t\t\t<p style=\"font-weight: 400;\"><em>Vall\u00e9e du glacier Gentil, Archipel des Kerguelen<\/em> (\u00a9Adrien Gilbert)<\/p>\t\t\t\t\t\t\t\t<\/div>\n\t\t\t\t<\/div>\n\t\t\t\t<section class=\"elementor-section elementor-inner-section elementor-element elementor-element-dfd04c1 elementor-section-boxed elementor-section-height-default elementor-section-height-default\" data-id=\"dfd04c1\" data-element_type=\"section\" data-e-type=\"section\">\n\t\t\t\t\t\t<div class=\"elementor-container elementor-column-gap-default\">\n\t\t\t\t\t<div class=\"elementor-column elementor-col-50 elementor-inner-column elementor-element elementor-element-6641bed\" data-id=\"6641bed\" data-element_type=\"column\" data-e-type=\"column\">\n\t\t\t<div class=\"elementor-widget-wrap elementor-element-populated\">\n\t\t\t\t\t\t<div class=\"elementor-element elementor-element-47ffb97 elementor-widget elementor-widget-spacer\" data-id=\"47ffb97\" data-element_type=\"widget\" data-e-type=\"widget\" data-widget_type=\"spacer.default\">\n\t\t\t\t<div class=\"elementor-widget-container\">\n\t\t\t\t\t\t\t<div class=\"elementor-spacer\">\n\t\t\t<div class=\"elementor-spacer-inner\"><\/div>\n\t\t<\/div>\n\t\t\t\t\t\t<\/div>\n\t\t\t\t<\/div>\n\t\t\t\t<div class=\"elementor-element elementor-element-dd654d0 elementor-align-center elementor-widget elementor-widget-button\" data-id=\"dd654d0\" data-element_type=\"widget\" data-e-type=\"widget\" data-widget_type=\"button.default\">\n\t\t\t\t<div class=\"elementor-widget-container\">\n\t\t\t\t\t\t\t\t\t<div class=\"elementor-button-wrapper\">\n\t\t\t\t\t<a class=\"elementor-button elementor-button-link elementor-size-sm\" href=\"https:\/\/images.cnrs.fr\/reportage-photo\/rep001022\" target=\"_blank\" rel=\"noopener\">\n\t\t\t\t\t\t<span class=\"elementor-button-content-wrapper\">\n\t\t\t\t\t\t\t\t\t<span class=\"elementor-button-text\">Reportage Photo - CNRS<\/span>\n\t\t\t\t\t<\/span>\n\t\t\t\t\t<\/a>\n\t\t\t\t<\/div>\n\t\t\t\t\t\t\t\t<\/div>\n\t\t\t\t<\/div>\n\t\t\t\t\t<\/div>\n\t\t<\/div>\n\t\t\t\t<div class=\"elementor-column elementor-col-50 elementor-inner-column elementor-element elementor-element-197cc92\" data-id=\"197cc92\" data-element_type=\"column\" data-e-type=\"column\">\n\t\t\t<div class=\"elementor-widget-wrap elementor-element-populated\">\n\t\t\t\t\t\t<div class=\"elementor-element elementor-element-0d8d1fb elementor-widget elementor-widget-video\" data-id=\"0d8d1fb\" data-element_type=\"widget\" data-e-type=\"widget\" data-settings=\"{&quot;youtube_url&quot;:&quot;https:\\\/\\\/www.youtube.com\\\/watch?v=op3vbqwjKIY&quot;,&quot;video_type&quot;:&quot;youtube&quot;,&quot;controls&quot;:&quot;yes&quot;}\" data-widget_type=\"video.default\">\n\t\t\t\t<div class=\"elementor-widget-container\">\n\t\t\t\t\t\t\t<div class=\"elementor-wrapper elementor-open-inline\">\n\t\t\t<div class=\"elementor-video\"><\/div>\t\t<\/div>\n\t\t\t\t\t\t<\/div>\n\t\t\t\t<\/div>\n\t\t\t\t\t<\/div>\n\t\t<\/div>\n\t\t\t\t\t<\/div>\n\t\t<\/section>\n\t\t\t\t<div class=\"elementor-element elementor-element-cd4961a elementor-widget-divider--view-line elementor-widget elementor-widget-divider\" data-id=\"cd4961a\" data-element_type=\"widget\" data-e-type=\"widget\" data-widget_type=\"divider.default\">\n\t\t\t\t<div class=\"elementor-widget-container\">\n\t\t\t\t\t\t\t<div class=\"elementor-divider\">\n\t\t\t<span class=\"elementor-divider-separator\">\n\t\t\t\t\t\t<\/span>\n\t\t<\/div>\n\t\t\t\t\t\t<\/div>\n\t\t\t\t<\/div>\n\t\t\t\t<div class=\"elementor-element elementor-element-e750f91 elementor-widget elementor-widget-text-editor\" data-id=\"e750f91\" data-element_type=\"widget\" data-e-type=\"widget\" data-widget_type=\"text-editor.default\">\n\t\t\t\t<div class=\"elementor-widget-container\">\n\t\t\t\t\t\t\t\t\t<h2 style=\"font-weight: 400;\">Et maintenant quoi ?<\/h2><p style=\"font-weight: 400;\">Pour la suite, j\u2019ai rejoint le <a href=\"https:\/\/lamont.columbia.edu\/\" target=\"_blank\" rel=\"noopener\">Lamont-Doherty Earth Observatory de l\u2019Universit\u00e9 de Columbia \u00e0 New York<\/a> pour un postdoctorat au sein du groupe de recherche sur les nucl\u00e9ides cosmog\u00e9nique dirig\u00e9 par <a href=\"https:\/\/lamont.columbia.edu\/directory\/joerg-michael-schaefer\" target=\"_blank\" rel=\"noopener\">Joerg Schaefer<\/a>. Mon objectif : contribuer \u00e0 retracer l\u2019histoire de la d\u00e9glaciation de la calotte groenlandaise en mesurant les concentrations d\u2019isotopes cosmog\u00e9niques, \u00e0 la fois couramment utilis\u00e9s (<sup>36<\/sup>Cl, <sup>10<\/sup>Be, <sup>26<\/sup>Al) et \u00e9mergents (<sup>41<\/sup>Ca), dans des carottes de roche et s\u00e9diments pr\u00e9lev\u00e9s sous la calotte. Je travaille notamment sur la carotte de roche for\u00e9e en 1993 sous la carotte de glace \u00a0GISP2 de plus de 3 km de profondeur, au centre du Groenland, \u00a0ainsi que sur les s\u00e9diments sous glaciaires du site de <a href=\"https:\/\/www.campcentury.org\/\" target=\"_blank\" rel=\"noopener\">Camp Century<\/a>, un site militaire am\u00e9ricain occup\u00e9 pendant les ann\u00e9es 1960, pendant l&#8217;apog\u00e9e de la Guerre Froide, situ\u00e9 au nord-ouest du Groenland. Ces \u00e9chantillons uniques, oubli\u00e9s pendant des d\u00e9cennies dans des cong\u00e9lateurs au Danemark, ont r\u00e9cemment \u00e9t\u00e9 red\u00e9couverts, ouvrant la voie \u00e0 de nouvelles analyses.<\/p><p style=\"font-weight: 400;\">Je contribue notamment \u00e0 mettre au point une nouvelle approche, qui consiste \u00e0 associer pour une des premi\u00e8res fois le chlore-36 avec le b\u00e9ryllium-10 et l\u2019aluminium-26. Cela nous permettra de d\u00e9terminer l\u2019\u00e2ge d\u2019enfouissement de ces mat\u00e9riaux sous-glaciaires, c\u2019est-\u00e0-dire de dater quand dans le pass\u00e9, le Groenland a \u00e9t\u00e9 presque enti\u00e8rement d\u00e9glac\u00e9, puis recouvert de nouveau par la calotte glaciaire. Par exemple, une \u00e9tude parue dans Nature (<a href=\"https:\/\/www.nature.com\/articles\/nature20146#Sec1\" target=\"_blank\" rel=\"noopener\">Schaefer <em>et al.,<\/em> 2016<\/a>) a montr\u00e9 que le Groenland a \u00e9t\u00e9 presque enti\u00e8rement d\u00e9glac\u00e9 au moins une fois au cours des 1,1 millions d\u2019ann\u00e9es pass\u00e9es. Cependant, le couple d\u2019isotopes utilis\u00e9 dans cette \u00e9tude (<sup>26<\/sup>Al\/<sup>10<\/sup>Be) ne permet pas de d\u00e9tecter avec pr\u00e9cision les p\u00e9riodes d\u2019enfouissement de moins de 500 000 ans, durant lesquelles la calotte aurait recouvert la roche en place. En utilisant le chlore-36 et le calcium-41, dont les demi-vies sont plus courtes (~300 000 ans et ~99 000, respectivement) permettant une meilleure r\u00e9solution, nous esp\u00e9rons affiner ce sc\u00e9nario et, potentiellement, identifier des phases de d\u00e9glaciation du Groenland lors d\u2019anciens \u00ab super-interglaciaires \u00bb (p\u00e9riodes particuli\u00e8rement plus chaudes et\/plus longues), tels que le Stade Isotopique Marin 11 (424 000 \u2013 374 000 ans), le Stade Isotopique Marin 9 (337 000 \u2013 300 000 ans) ou encore le Stade Isotopique Marin 5e\/E\u00e9mien (130 000 \u2013 115 000 ans). Ces r\u00e9sultats seront cruciaux, car ils nous permettront de d\u00e9terminer comment la calotte glaciaire a r\u00e9agi aux r\u00e9chauffements pass\u00e9s, d\u2019identifier les zones sp\u00e9cifiques de la calotte ayant contribu\u00e9 aux premi\u00e8res \u00e9l\u00e9vations du niveau de la mer et de d\u00e9terminer les \u00e9chelles de temps de ces changements. L\u2019objectif est d\u2019apporter de nouvelles donn\u00e9es pour affiner les projections futures du comportement de la calotte groenlandaise. Ces recherches s\u2019inscrivent notamment dans le cadre du <a href=\"https:\/\/greendrill-cosmo.ldeo.columbia.edu\/\" target=\"_blank\" rel=\"noopener\">projet GreenDrill<\/a>, financ\u00e9 par la US NSF.<\/p>\t\t\t\t\t\t\t\t<\/div>\n\t\t\t\t<\/div>\n\t\t\t\t\t<\/div>\n\t\t<\/div>\n\t\t\t\t\t<\/div>\n\t\t<\/section>\n\t\t\t\t<\/div>\n\t\t","protected":false},"excerpt":{"rendered":"<p>FOCUS | Joanna Charton Postdoctorante en g\u00e9omorphologie glaciaire et g\u00e9ochimie au Lamont-Doherty Earth Observatory Ancienne doctorante au CEREGE, elle s\u2019est sp\u00e9cialis\u00e9e dans l\u2019\u00e9tude des pal\u00e9oglaciers pass\u00e9s pour mieux comprendre leur [&hellip;]<\/p>\n","protected":false},"author":817,"featured_media":27218,"parent":105,"menu_order":0,"comment_status":"closed","ping_status":"closed","template":"","meta":{"_acf_changed":false,"footnotes":""},"class_list":["post-27210","page","type-page","status-publish","has-post-thumbnail","hentry"],"acf":[],"publishpress_future_action":{"enabled":false,"date":"2026-05-04 09:03:25","action":"change-status","newStatus":"draft","terms":[],"taxonomy":"","extraData":[]},"publishpress_future_workflow_manual_trigger":{"enabledWorkflows":[]},"_links":{"self":[{"href":"https:\/\/www.cerege.fr\/fr\/wp-json\/wp\/v2\/pages\/27210","targetHints":{"allow":["GET"]}}],"collection":[{"href":"https:\/\/www.cerege.fr\/fr\/wp-json\/wp\/v2\/pages"}],"about":[{"href":"https:\/\/www.cerege.fr\/fr\/wp-json\/wp\/v2\/types\/page"}],"author":[{"embeddable":true,"href":"https:\/\/www.cerege.fr\/fr\/wp-json\/wp\/v2\/users\/817"}],"replies":[{"embeddable":true,"href":"https:\/\/www.cerege.fr\/fr\/wp-json\/wp\/v2\/comments?post=27210"}],"version-history":[{"count":5,"href":"https:\/\/www.cerege.fr\/fr\/wp-json\/wp\/v2\/pages\/27210\/revisions"}],"predecessor-version":[{"id":27326,"href":"https:\/\/www.cerege.fr\/fr\/wp-json\/wp\/v2\/pages\/27210\/revisions\/27326"}],"up":[{"embeddable":true,"href":"https:\/\/www.cerege.fr\/fr\/wp-json\/wp\/v2\/pages\/105"}],"wp:featuredmedia":[{"embeddable":true,"href":"https:\/\/www.cerege.fr\/fr\/wp-json\/wp\/v2\/media\/27218"}],"wp:attachment":[{"href":"https:\/\/www.cerege.fr\/fr\/wp-json\/wp\/v2\/media?parent=27210"}],"curies":[{"name":"wp","href":"https:\/\/api.w.org\/{rel}","templated":true}]}}