{"id":17072,"date":"2023-03-06T10:07:55","date_gmt":"2023-03-06T09:07:55","guid":{"rendered":"https:\/\/www.cerege.fr\/?post_type=tribe_events&#038;p=17072"},"modified":"2023-03-06T10:07:55","modified_gmt":"2023-03-06T09:07:55","slug":"seminaire-exceptionnel-maxime-henriquet-cerege","status":"publish","type":"tribe_events","link":"https:\/\/www.cerege.fr\/fr\/agenda\/seminaire-exceptionnel-maxime-henriquet-cerege\/","title":{"rendered":"S\u00e9minaire exceptionnel : Maxime HENRIQUET, CEREGE"},"content":{"rendered":"<div id=\"h791131w0\" data-exclude=\"[]\" data-include=\"[]\" data-plugin-options=\"[]\" data-ui-richtext=\"\" data-ui-widget=\"ui.richtext.prosemirror.RichText\" data-ui-init=\"\">\n<p>&#8220;Cycle sismique des failles en domaine intra-continental : exemple de la faille et du s\u00e9isme de Petrinja (2020, Croatie) \u00e0 partir d\u2019analyses morphotectoniques et g\u00e9od\u00e9siques&#8221;<\/p>\n<p><em>R\u00e9sum\u00e9<\/em> :<\/p>\n<p>Le 29 d\u00e9cembre 2020, le centre de la Croatie a \u00e9t\u00e9 frapp\u00e9 par un s\u00e9isme de Mw 6.4, causant de nombreux d\u00e9g\u00e2ts dans la r\u00e9gion de Petrinja, une petite ville situ\u00e9e \u00e0 ~ 40 km au sud-est de la capitale Zagreb. Ce tremblement de terre est le plus fort qu\u2019ait connu la Croatie depuis la derni\u00e8re centaine d\u2019ann\u00e9e et parmi les plus importants en Europe sur une faille d\u00e9crochante.<\/p>\n<p>Afin de mieux contraindre le cycle sismique associ\u00e9 \u00e0 des failles d\u00e9crochantes jeunes et r\u00e9activ\u00e9es en contexte intraplaque, les travaux que je pr\u00e9senterai s\u2019appuieront sur la faille de Petrinja et le s\u00e9isme de 2020. L\u2019int\u00e9r\u00eat est port\u00e9 sur les modalit\u00e9s d\u2019accumulation et de rel\u00e2chement des contraintes \u00e0 des \u00e9chelles de temps compl\u00e9mentaires, de la rupture cosismique aux d\u00e9formations cumul\u00e9es enregistr\u00e9es par la topographie.<\/p>\n<p>Le champ de d\u00e9formation cosismique en surface li\u00e9 au s\u00e9isme de 2020 est contraint par des mesures GNSS de r\u00e9seaux civils en champ proche, mais aussi des donn\u00e9es InSAR et de la corr\u00e9lation d\u2019images optiques (satellites Pl\u00e9iades et Worldview). Ces donn\u00e9es g\u00e9od\u00e9siques sont invers\u00e9es afin de caract\u00e9riser la source sismique, et compar\u00e9e aux ruptures de surface collect\u00e9es sur le terrain afin d\u2019\u00e9valuer la localisation de la d\u00e9formation. L&#8217;inversion \u00e9lastique des rep\u00e8res g\u00e9od\u00e9siques r\u00e9v\u00e8le que la rupture s&#8217;est produite sur une faille sub-verticale, \u00e0 faible profondeur (&lt; 10 km), avec un glissement atteignant 1.4 m en surface. Les mod\u00e8les supportent \u00e9galement l\u2019existence d\u2019une seconde faille subparall\u00e8le \u00e0 la branche principale. De plus, la comparaison des mesures de d\u00e9calage g\u00e9od\u00e9siques et cosismiques mesur\u00e9s sur le terrain montre que &gt; 70% du glissement est probablement distribu\u00e9 \u00e0 la surface. L&#8217;inversion conjointe des rep\u00e8res g\u00e9od\u00e9siques, de la corr\u00e9lation d&#8217;images optiques et des donn\u00e9es InSAR nous permettra de renforcer notre compr\u00e9hension de la source du s\u00e9isme de 2020.<\/p>\n<p>En parall\u00e8le, l\u2019analyse morphotectonique de la faille de Petrinja nous permet de quantifier la d\u00e9formation cumul\u00e9e le long de cette faille, et gr\u00e2ce \u00e0 la datation de certains marqueurs g\u00e9omorphologiques (c\u00f4nes et terrasses alluviaux) nous cherchons \u00e0 contraindre sa vitesse de chargement. A partir d\u2019observations de terrain et de donn\u00e9es topographiques \u00e0 haute r\u00e9solution (LiDAR et MNT tri-st\u00e9r\u00e9o Pl\u00e9iades), nous avons cartographi\u00e9 avec pr\u00e9cision la trace de la faille, soulign\u00e9e \u00e0 plusieurs endroits par le d\u00e9calage de marqueurs g\u00e9omorphologiques (incisions, terrasses et c\u00f4nes alluviaux) qui ont enregistr\u00e9 des d\u00e9placements cumul\u00e9s allant de 5 \u00e0 &gt; 50 m et potentiellement jusqu&#8217;\u00e0 ~180 m. La faille cartographi\u00e9e est discontinue, la d\u00e9formation \u00e9tant absorb\u00e9e par une s\u00e9rie de petits segments (&lt; 5 km). Cela refl\u00e8te probablement une d\u00e9formation transpressive r\u00e9cente marqu\u00e9 par un syst\u00e8me de faille immature, en accord avec les param\u00e8tres de la source du s\u00e9isme de 2020 d\u00e9riv\u00e9s de la sismologie. Certains marqueurs ont \u00e9t\u00e9s dat\u00e9s (14C sur des charbons et nucl\u00e9ide cosmog\u00e9nique 36Cl pour les d\u00e9p\u00f4ts carbonat\u00e9s) afin d\u2019estimer la vitesse de glissement de la faille, et les r\u00e9sultats pr\u00e9liminaires sugg\u00e8rent tout de m\u00eame une vitesse de glissement long-terme de l\u2019ordre de 1 mm\/an dans la zone centrale.<\/p>\n<p>Enfin, la rupture de surface de 2020 a surtout affect\u00e9 la section nord de la faille de Petrinja, tandis que les d\u00e9placements cumul\u00e9s cartographi\u00e9s semblent plus importants le long de la section sud. Une meilleure connaissance de l&#8217;histoire sismique de l&#8217;ensemble du syst\u00e8me de failles est donc cruciale pour l&#8217;\u00e9valuation des risques sismiques dans cette r\u00e9gion.<\/p>\n<p>Ce s\u00e9minaire est ouvert \u00e0 tout le monde et sera \u00e9galement accessible via zoom avec le lien suivant : <a href=\"https:\/\/univ-amu-fr.zoom.us\/j\/85025661948?pwd=K09LZGx5OWF6cm11UXYxSEFmVm9oZz09\" target=\"_blank\" rel=\"noopener noreferrer nofollow\">https:\/\/univ-amu-fr.zoom.us\/j\/85025661948?pwd=K09LZGx5OWF6cm11UXYxSEFmVm9oZz09<\/a><\/p>\n<p>Ce s\u00e9minaire fait partie de la s\u00e9rie de s\u00e9minaires pour des candidats au poste de Ma\u00eetre de conf\u00e9rences ouvert en section 35 (Profil : Dynamique des surfaces continentales en r\u00e9ponse aux for\u00e7ages tectoniques et\/ou climatiques) pour le CEREGE cette ann\u00e9e<\/p>\n<p>Lieu : Salle 205<\/p>\n<\/div>\n","protected":false},"excerpt":{"rendered":"<p>&#8220;Cycle sismique des failles en domaine intra-continental : exemple de la faille et du s\u00e9isme de Petrinja (2020, Croatie) \u00e0 partir d\u2019analyses morphotectoniques et g\u00e9od\u00e9siques&#8221; R\u00e9sum\u00e9 : Le 29 d\u00e9cembre [&hellip;]<\/p>\n","protected":false},"author":724,"featured_media":0,"template":"","meta":{"_acf_changed":false,"_tribe_events_status":"","_tribe_events_status_reason":"","footnotes":""},"tags":[],"tribe_events_cat":[],"class_list":["post-17072","tribe_events","type-tribe_events","status-publish","hentry"],"acf":[],"publishpress_future_workflow_manual_trigger":{"enabledWorkflows":[]},"_links":{"self":[{"href":"https:\/\/www.cerege.fr\/fr\/wp-json\/wp\/v2\/tribe_events\/17072","targetHints":{"allow":["GET"]}}],"collection":[{"href":"https:\/\/www.cerege.fr\/fr\/wp-json\/wp\/v2\/tribe_events"}],"about":[{"href":"https:\/\/www.cerege.fr\/fr\/wp-json\/wp\/v2\/types\/tribe_events"}],"author":[{"embeddable":true,"href":"https:\/\/www.cerege.fr\/fr\/wp-json\/wp\/v2\/users\/724"}],"version-history":[{"count":2,"href":"https:\/\/www.cerege.fr\/fr\/wp-json\/wp\/v2\/tribe_events\/17072\/revisions"}],"predecessor-version":[{"id":17074,"href":"https:\/\/www.cerege.fr\/fr\/wp-json\/wp\/v2\/tribe_events\/17072\/revisions\/17074"}],"wp:attachment":[{"href":"https:\/\/www.cerege.fr\/fr\/wp-json\/wp\/v2\/media?parent=17072"}],"wp:term":[{"taxonomy":"post_tag","embeddable":true,"href":"https:\/\/www.cerege.fr\/fr\/wp-json\/wp\/v2\/tags?post=17072"},{"taxonomy":"tribe_events_cat","embeddable":true,"href":"https:\/\/www.cerege.fr\/fr\/wp-json\/wp\/v2\/tribe_events_cat?post=17072"}],"curies":[{"name":"wp","href":"https:\/\/api.w.org\/{rel}","templated":true}]}}