{"id":18032,"date":"2023-03-12T09:08:21","date_gmt":"2023-03-12T08:08:21","guid":{"rendered":"https:\/\/www.cerege.fr\/?post_type=tribe_events&#038;p=18032"},"modified":"2023-03-27T22:08:53","modified_gmt":"2023-03-27T20:08:53","slug":"printemps-des-sciences","status":"publish","type":"tribe_events","link":"https:\/\/www.cerege.fr\/fr\/agenda\/printemps-des-sciences\/","title":{"rendered":"Printemps des Sciences"},"content":{"rendered":"<p><em>Dans la continuit\u00e9 de la F\u00eate de la Science, le CEREGE propose pour l\u2019\u00e9dition 2023, le Printemps des Sciences le <strong>jeudi 13 avril<\/strong>, un \u00e9v\u00e9nement en deux temps afin de r\u00e9pondre plus efficacement aux attentes de deux publics diff\u00e9rents : les \u00e9l\u00e8ves de primaire et les \u00e9l\u00e8ves de secondaire. Cet \u00e9v\u00e9nement s\u2019adressant aux coll\u00e9giens, aux lyc\u00e9ens et au grand public, se tiendra pour la 1\u00e8re fois, sur deux technop\u00f4les. Celui de l\u2019Arbois et celui de Ch\u00e2teau Gombert.<\/em><\/p>\n<p><strong>Le Printemps des Sciences sur les Technop\u00f4les de l\u2019Arbois et Ch\u00e2teau Gombert<\/strong><\/p>\n<p>Lors de ce nouvel \u00e9v\u00e9nement, des coll\u00e9giens et des lyc\u00e9ens de toute la r\u00e9gion Sud seront attendus pour une journ\u00e9e d\u2019immersion au c\u0153ur des technop\u00f4les d\u2019Aix-Marseille, sur le plateau de l\u2019Arbois et le site de Ch\u00e2teau Gombert. Focus pour cette \u00e9dition sur les sciences exp\u00e9rimentales et de l\u2019observation, les entreprises innovantes des deux technop\u00f4les et la rencontre avec les entrepreneurs.<br \/>\nDeux laboratoires et des start-ups de la Technopole de l\u2019Arbois et quatre laboratoires de la Technopole de Ch\u00e2teau Gombert ouvrent leurs portes. Pour la premi\u00e8re \u00e9dition de ce festival inter-technopole chacun de ces six laboratoires propose d\u2019accueillir des classes pour une visite \u00e0 la d\u00e9couverte de son univers de recherche.<\/p>\n<p><strong>Sur le Technop\u00f4le de l\u2019Arbois<\/strong><br \/>\n. Des visites de laboratoires : le CEREGE, (Centre Europ\u00e9en de Recherche et d\u2019Enseignement en G\u00e9osciences de l\u2019Environnement), l\u2019IMBE (Institut M\u00e9diterran\u00e9en de Biodiversit\u00e9 et d\u2019Ecologie marine et continentale)<br \/>\n. Des visites de startups innovantes<br \/>\n. Un speed dating pour \u00e9changes sur les m\u00e9tiers de sciences et de l\u2019innovation avec chercheurs, enseignants-chercheurs, techniciens, ing\u00e9nieurs, gestionnaires, personnels du Technop\u00f4le.<br \/>\n. Une conf\u00e9rence \u00e0 18h pour le grand public sera propos\u00e9e permettant un \u00e9clairage sur nos sciences.<\/p>\n<p><strong>Sur le Technop\u00f4le de Ch\u00e2teau Gombert<\/strong><br \/>\n. Des visites de laboratoires\u00a0: le LAM (Laboratoire d\u2019Astrophysique de Marseille), le LMA (Laboratoire de M\u00e9canique Acoustique), l\u2019IRPHE (Institut de Recherche sur les Ph\u00e9nom\u00e8nes Hors Equilibre) et l\u2019IUSTI (Institut Universitaire des Syst\u00e8mes Thermiques Industriels)<br \/>\n. Un speed dating pour \u00e9changes sur les m\u00e9tiers de sciences et de l\u2019innovation avec chercheurs, enseignants-chercheurs, techniciens, ing\u00e9nieurs, gestionnaires, personnels du Technop\u00f4les.<\/p>\n<p><strong>Inscriptions<\/strong><\/p>\n<p>\u2022\u00a0\u00a0 <a href=\"https:\/\/www.cerege.fr\/fr\/cerege\/corinne-sonzogni\/\" target=\"_blank\" rel=\"noopener noreferrer nofollow\">Technopole de l\u2019Arbois<\/a><br \/>\n\u2022\u00a0\u00a0 <a href=\"https:\/\/www.cerege.fr\/fr\/nouveau-un-printemps-des-sciences-a-larbois-et-chateau-gombert\/thierry.botti@osupytheas.fr\" target=\"_blank\" rel=\"noopener noreferrer nofollow\">Technopole de Ch\u00e2teau Gombert<\/a>: <a href=\"mailto:thierry.botti@osupytheas.fr\" target=\"_blank\" rel=\"noopener noreferrer nofollow\">thierry.botti@osupytheas.fr<\/a><\/p>\n","protected":false},"excerpt":{"rendered":"<p>Dans la continuit\u00e9 de la F\u00eate de la Science, le CEREGE propose pour l\u2019\u00e9dition 2023, le Printemps des Sciences le jeudi 13 avril, un \u00e9v\u00e9nement en deux temps afin de [&hellip;]<\/p>\n","protected":false},"author":724,"featured_media":0,"template":"","meta":{"_acf_changed":false,"_tribe_events_status":"","_tribe_events_status_reason":"","footnotes":""},"tags":[],"tribe_events_cat":[],"class_list":["post-18032","tribe_events","type-tribe_events","status-publish","hentry"],"acf":[],"publishpress_future_workflow_manual_trigger":{"enabledWorkflows":[]},"_links":{"self":[{"href":"https:\/\/www.cerege.fr\/fr\/wp-json\/wp\/v2\/tribe_events\/18032","targetHints":{"allow":["GET"]}}],"collection":[{"href":"https:\/\/www.cerege.fr\/fr\/wp-json\/wp\/v2\/tribe_events"}],"about":[{"href":"https:\/\/www.cerege.fr\/fr\/wp-json\/wp\/v2\/types\/tribe_events"}],"author":[{"embeddable":true,"href":"https:\/\/www.cerege.fr\/fr\/wp-json\/wp\/v2\/users\/724"}],"version-history":[{"count":1,"href":"https:\/\/www.cerege.fr\/fr\/wp-json\/wp\/v2\/tribe_events\/18032\/revisions"}],"predecessor-version":[{"id":18033,"href":"https:\/\/www.cerege.fr\/fr\/wp-json\/wp\/v2\/tribe_events\/18032\/revisions\/18033"}],"wp:attachment":[{"href":"https:\/\/www.cerege.fr\/fr\/wp-json\/wp\/v2\/media?parent=18032"}],"wp:term":[{"taxonomy":"post_tag","embeddable":true,"href":"https:\/\/www.cerege.fr\/fr\/wp-json\/wp\/v2\/tags?post=18032"},{"taxonomy":"tribe_events_cat","embeddable":true,"href":"https:\/\/www.cerege.fr\/fr\/wp-json\/wp\/v2\/tribe_events_cat?post=18032"}],"curies":[{"name":"wp","href":"https:\/\/api.w.org\/{rel}","templated":true}]}}